{"id":5089,"date":"2017-10-29T09:01:19","date_gmt":"2017-10-29T08:01:19","guid":{"rendered":"http:\/\/www.haritzalde.org\/?page_id=5089"},"modified":"2018-10-19T00:42:42","modified_gmt":"2018-10-18T22:42:42","slug":"exposicion-urumea-bizi","status":"publish","type":"page","link":"https:\/\/www.haritzalde.org\/es\/exposicion-urumea-bizi\/","title":{"rendered":"Exposici\u00f3n Urumea Bizi"},"content":{"rendered":"<p>&nbsp;<\/p>\n<p><img decoding=\"async\" loading=\"lazy\" class=\"aligncenter size-full wp-image-5420\" src=\"https:\/\/www.haritzalde.org\/wp-content\/uploads\/2018\/10\/Cartel-Inauguracion-RENT-2-web.jpg\" alt=\"\" width=\"566\" height=\"800\" srcset=\"https:\/\/www.haritzalde.org\/wp-content\/uploads\/2018\/10\/Cartel-Inauguracion-RENT-2-web-200x283.jpg 200w, https:\/\/www.haritzalde.org\/wp-content\/uploads\/2018\/10\/Cartel-Inauguracion-RENT-2-web-212x300.jpg 212w, https:\/\/www.haritzalde.org\/wp-content\/uploads\/2018\/10\/Cartel-Inauguracion-RENT-2-web-400x565.jpg 400w, https:\/\/www.haritzalde.org\/wp-content\/uploads\/2018\/10\/Cartel-Inauguracion-RENT-2-web.jpg 566w\" sizes=\"(max-width: 566px) 100vw, 566px\" \/><\/p>\n<p>La exposici\u00f3n fotogr\u00e1fica <strong>Urumea Bizi<\/strong>\u00a0de Ram\u00f3n Arambarri\u00a0<em><span style=\"color: #3366ff;\"><strong><a style=\"color: #3366ff;\" href=\"https:\/\/www.facebook.com\/augurnature\/\" target=\"_blank\" rel=\"noopener noreferrer\">Augur Nature<\/a><\/strong><\/span>,\u00a0<\/em>promovido por Haritzalde Naturzaleen Elkartea estar\u00e1 expuesta en <strong>Xenpelar Etxea de Errenteria<\/strong>.\u00a0La exposici\u00f3n contempla preciosas fotograf\u00edas de la naturaleza, los ecosistemas y sus habitantes.<\/p>\n<p>&nbsp;<\/p>\n<p>El a\u00f1o pasado la exposici\u00f3n itinerante se pudo visitar en Donostia y Hernani y el presente a\u00f1o, 2018, despu\u00e9s de estar nuevamente en Hernani est\u00e1 durante el mes de junio en Astigarraga y en octubre en Errenteria.<\/p>\n<p>&nbsp;<\/p>\n<p><iframe loading=\"lazy\" src=\"https:\/\/www.youtube.com\/embed\/p722N6jpSMg\" width=\"560\" height=\"315\" frameborder=\"0\" allowfullscreen=\"allowfullscreen\"><span data-mce-type=\"bookmark\" style=\"display: inline-block; width: 0px; overflow: hidden; line-height: 0;\" class=\"mce_SELRES_start\">\ufeff<\/span><\/iframe><\/p>\n<p><strong>Exposiciones realizadas:<\/strong><\/p>\n<ul>\n<li>Del 1 al 20 de junio, en el Kurtur Etxe de Astigarraga.<\/li>\n<li>Del 2 al 26 de enero de 2018, en la Kultur Etxea de Biteri, Hernani.<\/li>\n<li>Del 2 al 23 de noviembre de 2017, en el Auzo Etxea de Ere\u00f1otzu, Hernani.<\/li>\n<li>Del 2 al 27 de octubre de 2017, en Etxarriene (Elenategi 2) en Martutene, Donostia.<\/li>\n<li>Del 11 de septiembre al 27 de octubre de 2017,\u00a0en la Kultur Etxea de Loiola, Donostia.<\/li>\n<li>Del 13 de mato al 27 de agosto, en Cristina Enea, Donostia.<\/li>\n<\/ul>\n<p>&nbsp;<\/p>\n<p><strong>Actividades organizadas junto a la exposici\u00f3n:<\/strong><\/p>\n<p><strong>En Astigarraga:<\/strong><\/p>\n<ul>\n<li>1 de junio,<strong> inauguraci\u00f3n de la exposici\u00f3n<\/strong>. Acto de inauguraci\u00f3n. Xabier Rubio, bi\u00f3logo de Haritzalde.<\/li>\n<li>9 de junio,<strong> excursi\u00f3n monta\u00f1era<\/strong>: <strong>de Santiagomendi al valle Landarbaso-Epele<\/strong>.<br \/>\nMarko Sierra y Jesus Rubio (ingenieros agr\u00f3nomos).<\/li>\n<li>10 de junio<strong>, taller familiar<\/strong>: <strong>\u201cLos primeros habitantes del r\u00edo Urumea y Atigarraga\u00bb<\/strong>.<br \/>\nCon la colaboraci\u00f3n de la Sociedad de Ciencias Aranzadi y guiados por Jesus Tapia, arque\u00f3logo de la Sociedad de Ciencias Aranzadi.<\/li>\n<li>12 de junio,<strong> conferencia<\/strong>: <strong>\u201cEcolog\u00eda y conservaci\u00f3n del desm\u00e1n de los Pirineos (<em>Galemys pyrenaicus<\/em>)\u00bb.<\/strong>\u00a0Ponente:\u00a0Amaiur Esnaola Illarreta, Departamento de Zoolog\u00eda y Biolog\u00eda Celular Animal (UPV\/EHU).<\/li>\n<li>22 de junio,<strong> visita guiada<\/strong>: <strong>\u00abGaugiroan saguzarrekin\u00bb<\/strong>. Guiado por\u00a0Kiko Alvarez Dr. en Biolog\u00eda.<\/li>\n<\/ul>\n","protected":false},"excerpt":{"rendered":"<p>&nbsp; La exposici\u00f3n fotogr\u00e1fica Urumea Bizi\u00a0de Ram\u00f3n Arambarri\u00a0Augur Nature,\u00a0promovido por Haritzalde Naturzaleen Elkartea estar\u00e1 expuesta en Xenpelar Etxea de Errenteria.\u00a0La exposici\u00f3n contempla preciosas fotograf\u00edas de la naturaleza, los ecosistemas y sus habitantes. &nbsp; El a\u00f1o pasado la exposici\u00f3n itinerante se pudo visitar en Donostia y Hernani y el presente a\u00f1o, 2018, despu\u00e9s de estar nuevamente [&hellip;]<\/p>\n","protected":false},"author":11,"featured_media":0,"parent":0,"menu_order":0,"comment_status":"closed","ping_status":"closed","template":"","meta":[],"_links":{"self":[{"href":"https:\/\/www.haritzalde.org\/es\/wp-json\/wp\/v2\/pages\/5089\/"}],"collection":[{"href":"https:\/\/www.haritzalde.org\/es\/wp-json\/wp\/v2\/pages\/"}],"about":[{"href":"https:\/\/www.haritzalde.org\/es\/wp-json\/wp\/v2\/types\/page\/"}],"author":[{"embeddable":true,"href":"https:\/\/www.haritzalde.org\/es\/wp-json\/wp\/v2\/users\/11\/"}],"replies":[{"embeddable":true,"href":"https:\/\/www.haritzalde.org\/es\/wp-json\/wp\/v2\/comments\/?post=5089"}],"version-history":[{"count":11,"href":"https:\/\/www.haritzalde.org\/es\/wp-json\/wp\/v2\/pages\/5089\/revisions\/"}],"predecessor-version":[{"id":5422,"href":"https:\/\/www.haritzalde.org\/es\/wp-json\/wp\/v2\/pages\/5089\/revisions\/5422\/"}],"wp:attachment":[{"href":"https:\/\/www.haritzalde.org\/es\/wp-json\/wp\/v2\/media\/?parent=5089"}],"curies":[{"name":"wp","href":"https:\/\/api.w.org\/{rel}","templated":true}]}}