{"id":2074,"date":"2014-02-23T20:16:24","date_gmt":"2014-02-23T19:16:24","guid":{"rendered":"http:\/\/haritzalde.factorideas.com\/2014-3\/"},"modified":"2017-02-27T08:40:31","modified_gmt":"2017-02-27T07:40:31","slug":"2014-3","status":"publish","type":"page","link":"https:\/\/www.haritzalde.org\/es\/2014-3\/","title":{"rendered":"2014"},"content":{"rendered":"<p>Difusi\u00f3n y repercusi\u00f3n en los medios de comunicaci\u00f3n.<\/p>\n<p><strong><span style=\"color: #00923f;\">El Diario Vasco. 2014-05-16<\/span><\/strong><br \/>\n<a href=\"http:\/\/www.haritzalde.org\/wp-content\/uploads\/2014-05-16DV_Fiesta-infantil-Urumea-Bizi.pdf\" target=\"_blank\">Fiesta infantil de \u00abUrumea bizi\u00bb<\/a><\/p>\n<p><strong><span style=\"color: #00923f;\">Irutxuloko Hitza. 2014-05-14<\/span><\/strong><br \/>\n<a href=\"http:\/\/www.haritzalde.org\/wp-content\/uploads\/2014-05-14IrutxulokoHitza_Uholdegarritasun-handiko-100-puntu-Urumeako-tartean.pdf\" target=\"_blank\">Uholdegarritasun handiko 100 puntu identifikatu ditu URA agentziak, Urumeako hainbat gune tartean<\/a><\/p>\n<p><strong><span style=\"color: #00923f;\">Noticias de Gipuzkoa. 2014-05-09<\/span><\/strong><br \/>\n<a href=\"http:\/\/www.haritzalde.org\/wp-content\/uploads\/2014-05-09NdG_Marcha-contra-encauzamiento-Urumea.pdf\" target=\"_blank\">Marcha contra el encauzamiento del Urumea<\/a><\/p>\n<p><strong><span style=\"color: #00923f;\">El Diario Vasco. 2014-05-02<\/span><\/strong><br \/>\n<a href=\"http:\/\/www.haritzalde.org\/wp-content\/uploads\/2014-05-02DV_Navegar-Urumea-amarlo.jpg\" target=\"_blank\">Navegar por el Urumea es amarlo<\/a><\/p>\n<p><strong><span style=\"color: #00923f;\">El Diario Vasco. 2014-04-27<\/span><\/strong><br \/>\n<a href=\"http:\/\/www.haritzalde.org\/wp-content\/uploads\/2014-04-27DV_Fiesta-junto-rio1.jpg\" target=\"_blank\">Fiesta junto al r\u00edo<\/a><\/p>\n<p><strong><span style=\"color: #00923f;\">Noticias de Gipuzkoa. 2014-04-12<\/span><\/strong><br \/>\n<a href=\"http:\/\/www.haritzalde.org\/wp-content\/uploads\/2014-04-12NdG_Latak-poltsak-edalontziak-Urumeatik-kanpo.pdf\" target=\"_blank\">Latak, poltsak eta edalontziak Urumeatik kanpo<\/a><\/p>\n<p><strong><span style=\"color: #00923f;\">Gipuzkoako Hitza. 2014-04-11<\/span><\/strong><br \/>\n<a href=\"http:\/\/www.haritzalde.org\/wp-content\/uploads\/2014-04-11GHItza_Basoa-bi-adarretan-zatituta.pdf\" target=\"_blank\">Basoa, bi adarretan zatituta<\/a><\/p>\n<p><strong><span style=\"color: #00923f;\">Hirian. 2014-04-09<\/span><\/strong><br \/>\n<a href=\"http:\/\/www.haritzalde.org\/wp-content\/uploads\/2014-04-09Hirian_Un-derecho-fundamental-riesgo-privatizacion.pdf\" target=\"_blank\">Un derecho fundamental en riesgo de privatizaci\u00f3n<\/a><\/p>\n<p><strong><span style=\"color: #00923f;\">Noticias de Gipuzkoa. 2014-04-06<\/span><\/strong><br \/>\n<a href=\"http:\/\/www.haritzalde.org\/wp-content\/uploads\/2014-04-06NdG_Ecologistas-suspenden-Bildu-gestion-forestal.pdf\" target=\"_blank\">Los ecologistas suspenden la legislatura de Bildu en materia de gesti\u00f3n forestal<\/a><\/p>\n<p><strong><span style=\"color: #00923f;\">Irutxuloko Hitza. 2014-04-06<\/span><\/strong><br \/>\n<a href=\"http:\/\/www.haritzalde.org\/wp-content\/uploads\/2014-04-06IrutxulokoHitza_Jai-ederra-Martuteneko-haurrek.pdf\" target=\"_blank\">Jai ederra egin dute Martuteneko haurrek<\/a><\/p>\n<p><strong><span style=\"color: #00923f;\">Gipuzkoako Hitza. 2014-04-05<\/span><\/strong><br \/>\n<a href=\"http:\/\/www.haritzalde.org\/wp-content\/uploads\/2014-04-05GHitza_Arraunean-oinez-Urumean.pdf\" target=\"_blank\">Arraunean edo oinez, Urumean<\/a><\/p>\n<p><strong><span style=\"color: #00923f;\">El Diario Vasco. 2014-04-05<\/span><\/strong><br \/>\n<a href=\"http:\/\/www.haritzalde.org\/wp-content\/uploads\/2014-04-05DV_Urumea-mas-limpio.pdf\" target=\"_blank\">Por un Urumea m\u00e1s limpio<\/a><\/p>\n<p><strong><span style=\"color: #00923f;\">El Diario Vasco. 2014-04-05<\/span><\/strong><br \/>\n<a href=\"http:\/\/www.haritzalde.org\/wp-content\/uploads\/2014-04-05DV_Grupos-ecologistas-aplauden-sustitucion-Director-Montes-Diputacion.pdf\" target=\"_blank\">Los grupos ecologistas aplauden la sustituci\u00f3n del Director de Montes de la Diputaci\u00f3n<\/a><\/p>\n<p><strong><span style=\"color: #00923f;\">El Diario Vasco. 2014-03-30<\/span><\/strong><br \/>\n<a href=\"http:\/\/www.haritzalde.org\/wp-content\/uploads\/2014-03-30DV_Hermanamiento-Amaiur.pdf\" target=\"_blank\">Hermanamiento en Amaiur<\/a><\/p>\n<p><strong><span style=\"color: #00923f;\">Noticias de Gipuzkoa. 2014-03-29<\/span><\/strong><br \/>\n<a href=\"http:\/\/www.haritzalde.org\/wp-content\/uploads\/2014-03-29NdG_Secretos-Urumea.pdf\" target=\"_blank\">Secretos del Ururmea (papel)<\/a><br \/>\n<a href=\"http:\/\/www.haritzalde.org\/wp-content\/uploads\/2014-03-29NdG_Secretos-del-Urumea.pdf\" target=\"_blank\">Secretos del Ururmea (online)<\/a><\/p>\n<p><strong><span style=\"color: #00923f;\">El Diario Vasco. 2014-03-29<\/span><\/strong><br \/>\n<a href=\"http:\/\/www.haritzalde.org\/wp-content\/uploads\/2014-03-29DV_Plantacion-popular-parque-Amaiur2.pdf\" target=\"_blank\">Plantaci\u00f3n popular en el parque Amaiur<\/a><\/p>\n<p><strong><span style=\"color: #00923f;\">Urumeako kronika. 2014-03-29<\/span><\/strong><br \/>\n<a href=\"http:\/\/www.haritzalde.org\/wp-content\/uploads\/2014-03-29UrumeakoKronika_Hitzaldia-Urumea-ertzeko-industriaren-aztarnaz.pdf\" target=\"_blank\">Hitzaldia, Urumea ertzeko industriaren aztarnaz<\/a><\/p>\n<p><strong><span style=\"color: #00923f;\">Urumeako kronika. 2014-03-27<\/span><\/strong><br \/>\n<a href=\"http:\/\/www.haritzalde.org\/wp-content\/uploads\/2014-03-27Urumeako-Kronika_Urumea-Leitzaran-ibaien-emakumeen-istorio.pdf\" target=\"_blank\">Urumea eta Leitzaran ibai inguruko emakumeen istorio eta kontakizunak, gaur<\/a><\/p>\n<p><strong><span style=\"color: #00923f;\">Noticias de Gipuzkoa. 2014-03-25<\/span><\/strong><br \/>\n<a href=\"http:\/\/www.haritzalde.org\/wp-content\/uploads\/2014-03-25NdG_Musika-Parkean-seis-parques.pdf\" target=\"_blank\">Musika Parkean conjuga conciertos y pic-nic en seis parques<\/a><\/p>\n<p><strong><span style=\"color: #00923f;\">Urumeako kronika. 2014-03-22<\/span><\/strong><br \/>\n<a href=\"http:\/\/www.haritzalde.org\/wp-content\/uploads\/2014-03-22UK_Hitzaldia-Emakumeak-busti-egiten-dira.pdf\" target=\"_blank\">Hitzaldia ostegunean, \u2018Emakumeak busti egiten dira\u2019 proiektuaz<\/a><\/p>\n<p><strong><span style=\"color: #00923f;\">El Diario Vasco. 2014-03-22<\/span><\/strong><br \/>\n<a href=\"http:\/\/www.haritzalde.org\/wp-content\/uploads\/2014-03-22DV_Plantacion-popular-arboles.pdf\" target=\"_blank\">Plantaci\u00f3n popular de \u00e1rboles<\/a><\/p>\n<p><strong><span style=\"color: #00923f;\">Noticias de Gipuzkoa. 2014-03-21<\/span><\/strong><br \/>\n<a href=\"http:\/\/www.haritzalde.org\/wp-content\/uploads\/2014-03-21NdG_Cristina-Enea-dedica-primavera-fauna-flora.pdf\" target=\"_blank\">Cristina Enea dedica la primavera a la fauna y flora<\/a><\/p>\n<p><strong><span style=\"color: #00923f;\">Noticias de Gipuzkoa. 2014-03-21<\/span><\/strong><br \/>\n<a href=\"http:\/\/www.haritzalde.org\/wp-content\/uploads\/2014-03-21NdG_Cita-popular-limpiar-Urumea.pdf\" target=\"_blank\">Ma\u00f1ana, cita popular para limpiar el Urumea<\/a><\/p>\n<p><strong><span style=\"color: #00923f;\">Irutxuloko Hitza. 2014-03-21<\/span><\/strong><br \/>\n<a href=\"http:\/\/www.haritzalde.org\/wp-content\/uploads\/2014-03-21Irutxuloko-Hitza_Urumea-Garbi-jarduera-atzeratu.pdf\" target=\"_blank\">Urumea Garbi jarduera apirilaren 5ean egingo dute, biharko aurreikusitakoa atzeratu eta gero<\/a><\/p>\n<p><strong><span style=\"color: #00923f;\">Irutxuloko Hitza. 2014-03-20<\/span><\/strong><br \/>\n<a href=\"http:\/\/www.haritzalde.org\/wp-content\/uploads\/2014-03-20Irutxuloko-Hitza_Uraren-eguna-Urumea-ibaia-garbituko.pdf\" target=\"_blank\">Uraren eguna dela eta, Urumea ibaia garbituko dute larunbatean<\/a><\/p>\n<p><strong><span style=\"color: #00923f;\">El Diario Vasco. 2014-03-18<\/span><\/strong><br \/>\n<a href=\"http:\/\/www.haritzalde.org\/wp-content\/uploads\/2014-03-20DV_Urumea-responsabilidad-todos.pdf\" target=\"_blank\">El Urumea es responsabilidad de todos<\/a><\/p>\n<p><strong><span style=\"color: #00923f;\">Noticias de Gipuzkoa. 2014-03-19<\/span><\/strong><br \/>\n<a href=\"http:\/\/www.haritzalde.org\/wp-content\/uploads\/2014-03-19NG_Ikastola-Ikasbide-acoge-plantacion-arboles.pdf\" target=\"_blank\">La ikastola Ikasbide acoge una plantaci\u00f3n de ocho especies aut\u00f3ctonas<\/a><\/p>\n<p><strong><span style=\"color: #00923f;\">Noticias de Gipuzkoa. 2014-03-19<\/span><\/strong><br \/>\n<a href=\"http:\/\/www.haritzalde.org\/wp-content\/uploads\/2014-03-19NdG_Pedro-Arrojo-ponencia-retos-futurosd-agua.pdf\" target=\"_blank\">Pedro Arrojo ofrece una ponencia sobre los retos futuros del agua<\/a><\/p>\n<p><strong><span style=\"color: #00923f;\">Noticias de Gipuzkoa. 2014-03-19<\/span><\/strong><br \/>\n<a href=\"http:\/\/www.haritzalde.org\/wp-content\/uploads\/2014-03-19NdG_Conflictos-liquido-elemento-imagenes.pdf\" target=\"_blank\">Los conflictos del l\u00edquido elemento, en im\u00e1genes<\/a><\/p>\n<p><strong><span style=\"color: #00923f;\">Gara. 2014-03-19<\/span><\/strong><br \/>\n<a href=\"http:\/\/www.haritzalde.org\/wp-content\/uploads\/2014-03-19Gara_Uraren-gerrek-kaltetutakoen-ahotsak.pdf\" target=\"_blank\">Uraren gerrek kaltetutakoen ahotsak, lehen planora ekarrita<\/a><\/p>\n<p><strong><span style=\"color: #00923f;\">El Pa\u00eds. 2014-03-19<\/span><\/strong><br \/>\n<a href=\"http:\/\/www.haritzalde.org\/wp-content\/uploads\/2014-03-19ElPais_STM-gestion-agua.pdf\" target=\"_blank\">El Museo San Telmo pone el foco en la gesti\u00f3n del agua<\/a><\/p>\n<p><strong><span style=\"color: #00923f;\">Irutxuloko Hitza. 2014-03-18<\/span><\/strong><br \/>\n<a href=\"http:\/\/www.haritzalde.org\/wp-content\/uploads\/2014-03-20Irutxuloko-Hitza_Uraren-eguna-Urumea-ibaia-garbituko.pdf\" target=\"_blank\">Uraren eguna dela eta, Urumea ibaia garbituko dute larunbatean<\/a><\/p>\n<p><strong><span style=\"color: #00923f;\">El Diario Vasco. 2014-02-18<\/span><\/strong><br \/>\n<a href=\"http:\/\/www.haritzalde.org\/wp-content\/uploads\/2014-03-20DV_Urumea-responsabilidad-todos.pdf\" target=\"_blank\">El Urumea es responsabilidad de todos<\/a><\/p>\n<p><strong><span style=\"color: #00923f;\">Noticias de Gipuzkoa. 2014-03-19<\/span><\/strong><br \/>\n<a href=\"http:\/\/www.haritzalde.org\/wp-content\/uploads\/2014-03-19NG_Ikastola-Ikasbide-acoge-plantacion-arboles.pdf\" target=\"_blank\">La ikastola Ikasbide acoge una plantaci\u00f3n de ocho especies aut\u00f3ctonas<\/a><\/p>\n<p><strong><span style=\"color: #00923f;\">Noticias de Gipuzkoa. 2014-03-19<\/span><\/strong><br \/>\n<a href=\"http:\/\/www.haritzalde.org\/wp-content\/uploads\/2014-03-19NdG_Pedro-Arrojo-ponencia-retos-futurosd-agua.pdf\" target=\"_blank\">Pedro Arrojo ofrece una ponencia sobre los retos futuros del agua<\/a><\/p>\n<p><strong><span style=\"color: #00923f;\">Noticias de Gipuzkoa. 2014-03-19<\/span><\/strong><br \/>\n<a href=\"http:\/\/www.haritzalde.org\/wp-content\/uploads\/2014-03-19NdG_Conflictos-liquido-elemento-imagenes.pdf\" target=\"_blank\">Los conflictos del l\u00edquido elemento, en im\u00e1genes<\/a><\/p>\n<p><strong><span style=\"color: #00923f;\">Gara. 2014-03-19<\/span><\/strong><br \/>\n<a href=\"http:\/\/www.haritzalde.org\/wp-content\/uploads\/2014-03-19Gara_Uraren-gerrek-kaltetutakoen-ahotsak.pdf\" target=\"_blank\">Uraren gerrek kaltetutakoen ahotsak, lehen planora ekarrita<\/a><\/p>\n<p><strong><span style=\"color: #00923f;\">El Pa\u00eds. 2014-03-19<\/span><\/strong><br \/>\n<a href=\"http:\/\/www.haritzalde.org\/wp-content\/uploads\/2014-03-19ElPais_STM-gestion-agua.pdf\" target=\"_blank\">El Museo San Telmo pone el foco en la gesti\u00f3n del agua<\/a><\/p>\n<p><strong><span style=\"color: #00923f;\">Museo San Telmo. 2014-03-18<\/span><\/strong><br \/>\n<a href=\"http:\/\/www.haritzalde.org\/wp-content\/uploads\/2014-03-18STM_Agua-rios-pueblos-STM.pdf\" target=\"_blank\">Agua, r\u00edos y pueblos<\/a><\/p>\n<p><strong><span style=\"color: #00923f;\">Irutxuloko Hitza. 2014-03-18<\/span><\/strong><br \/>\n<a href=\"http:\/\/www.haritzalde.org\/wp-content\/uploads\/2014-03-18Irutxuloko-Hitza_Ura-ibaiak-herriak-argazki-erakusketa-STM.pdf\" target=\"_blank\">\u2018Ura, ibaiak eta herriak\u2019 argazki erakusketa ireki<br \/>\ndute San Telmo Museoan<\/a><\/p>\n<p><strong><span style=\"color: #00923f;\">El Diario Vasco. 2014-03-18<\/span><\/strong><br \/>\n<a href=\"http:\/\/www.haritzalde.org\/wp-content\/uploads\/2014-03-18DV_STM-exposicion-agua-rios-pueblos.pdf\" target=\"_blank\">San Telmo acoge la muestra &#8216;Agua, r\u00edos y pueblos&#8217;<\/a><\/p>\n<p><strong><span style=\"color: #00923f;\">Teleberri (minuto 38:30). 2014-03-15<\/span><\/strong><\/p>\n<p><strong><span style=\"color: #00923f;\">El Diario Vasco. 2014-03-13<\/span><\/strong><br \/>\n<a href=\"http:\/\/www.haritzalde.org\/wp-content\/uploads\/2014-03-13DV_Donostia-plantacion-arboles-Puio.pdf\" target=\"_blank\">Donostia celebra \u00e9ste s\u00e1bado una plantaci\u00f3n de \u00e1rboles en<br \/>\nlas campas de Puio<\/a><\/p>\n<p><strong><span style=\"color: #00923f;\">Noticias de Gipuzkoa. 2014-03-13<\/span><\/strong><br \/>\n<a href=\"http:\/\/www.haritzalde.org\/wp-content\/uploads\/2014-03-13_NdG_Dia-arbol-reunira-300-jovenes-Puio.pdf\" target=\"_blank\">El D\u00eda del \u00c1rbol reunir\u00e1 a 300 j\u00f3venes en Puio<\/a><\/p>\n<p><strong><span style=\"color: #00923f;\">Irutxuloko Hitza. 2014-03-12<\/span><\/strong><br \/>\n<a href=\"http:\/\/www.haritzalde.org\/wp-content\/uploads\/2014-03-13_NdG_Dia-arbol-reunira-300-jovenes-Puio.pdf\" target=\"_blank\">Larunbatean ospatuko dute Zuhaitzaren eguna<br \/>\nPuion<\/a><\/p>\n<p><strong><span style=\"color: #00923f;\">Gaur. 2014-03-12<\/span><\/strong><br \/>\n<a href=\"http:\/\/www.haritzalde.org\/wp-content\/uploads\/2014-03-12Gaur_300-jovenes-plantaran-arboles.pdf\" target=\"_blank\">300 j\u00f3venes de distinto origen plantar\u00e1n arboles el pr\u00f3ximo<br \/>\ns\u00e1bado, en una jornada de convivencia<\/a><\/p>\n<p><strong><span style=\"color: #00923f;\">Noticias de Gipuzkoa. 2014-02-21<\/span><\/strong><br \/>\n<a href=\"http:\/\/www.haritzalde.org\/wp-content\/uploads\/2014-02-21NdG_Cristina-Enea-parkea-zaintzeko-eskatu-dio-Haritzaldek-Udalari.pdf\" target=\"_blank\">Cristina Enea parkea zaintzeko eskatu dio Haritzaldek Udalari<\/a><\/p>\n<p><strong><span style=\"color: #00923f;\">Irutxuloko Hitza. 2014-02-20<\/span><\/strong><br \/>\n<a href=\"http:\/\/www.haritzalde.org\/wp-content\/uploads\/2014-02-20Irutxuliko-Hitza_Haritzaldek-Egiako-parkea-zaintzeko-neurri-zehatzak-eskatu-dizkio-udalari.pdf\" target=\"_blank\">Haritzaldek Egiako parkea zaintzeko neurri zehatzak eskatu dizkio udalari<\/a><\/p>\n<p><strong><span style=\"color: #00923f;\">El Diario Vasco. 2014-01-29<\/span><\/strong><br \/>\n<a href=\"http:\/\/www.haritzalde.org\/wp-content\/uploads\/2014-02-13DV_Preparar-las-azadas.jpg\" target=\"_blank\">Preparar las azadas<\/a><\/p>\n<p><strong><span style=\"color: #00923f;\">Noticias de Gipuzkoa. 2014-01-29<\/span><\/strong><br \/>\n<a href=\"http:\/\/www.haritzalde.org\/wp-content\/uploads\/201-01-29NdG_Cristina-Enea-organiza-una-salida-a-las-pozas-de-Igeldo.pdf\" target=\"_blank\">Cristina Enea organiza una salida a las pozas de Igeldo<\/a><\/p>\n","protected":false},"excerpt":{"rendered":"<p>Difusi\u00f3n y repercusi\u00f3n en los medios de comunicaci\u00f3n. El Diario Vasco. 2014-05-16 Fiesta infantil de \u00abUrumea bizi\u00bb Irutxuloko Hitza. 2014-05-14 Uholdegarritasun handiko 100 puntu identifikatu ditu URA agentziak, Urumeako hainbat gune tartean Noticias de Gipuzkoa. 2014-05-09 Marcha contra el encauzamiento del Urumea El Diario Vasco. 2014-05-02 Navegar por el Urumea es amarlo El Diario Vasco. [&hellip;]<\/p>\n","protected":false},"author":10,"featured_media":0,"parent":0,"menu_order":0,"comment_status":"open","ping_status":"closed","template":"","meta":[],"_links":{"self":[{"href":"https:\/\/www.haritzalde.org\/es\/wp-json\/wp\/v2\/pages\/2074\/"}],"collection":[{"href":"https:\/\/www.haritzalde.org\/es\/wp-json\/wp\/v2\/pages\/"}],"about":[{"href":"https:\/\/www.haritzalde.org\/es\/wp-json\/wp\/v2\/types\/page\/"}],"author":[{"embeddable":true,"href":"https:\/\/www.haritzalde.org\/es\/wp-json\/wp\/v2\/users\/10\/"}],"replies":[{"embeddable":true,"href":"https:\/\/www.haritzalde.org\/es\/wp-json\/wp\/v2\/comments\/?post=2074"}],"version-history":[{"count":1,"href":"https:\/\/www.haritzalde.org\/es\/wp-json\/wp\/v2\/pages\/2074\/revisions\/"}],"predecessor-version":[{"id":4572,"href":"https:\/\/www.haritzalde.org\/es\/wp-json\/wp\/v2\/pages\/2074\/revisions\/4572\/"}],"wp:attachment":[{"href":"https:\/\/www.haritzalde.org\/es\/wp-json\/wp\/v2\/media\/?parent=2074"}],"curies":[{"name":"wp","href":"https:\/\/api.w.org\/{rel}","templated":true}]}}